{"id":5543,"date":"2013-12-13T12:20:10","date_gmt":"2013-12-13T10:20:10","guid":{"rendered":"http:\/\/rcbe.de\/2-regensburger-forum-medizinische-informatik\/"},"modified":"2020-11-18T09:42:36","modified_gmt":"2020-11-18T07:42:36","slug":"2-regensburger-forum-medizinische-informatik","status":"publish","type":"page","link":"https:\/\/rcbe.de\/en\/2-regensburger-forum-medizinische-informatik\/","title":{"rendered":"2. Regensburger Forum Medizinische Informatik"},"content":{"rendered":"<p><!--:de--><\/p>\n<p style=\"text-align: center;\">Wie arbeitet ein Medizininformatiker? Wo liegen Herausforderungen? Welche Unternehmen sind interessant? Wie sind die Berufsaussichten?<\/p>\n<p style=\"text-align: center;\">Diese und weitere Fragen beantwortet das<\/p>\n<hr style=\"width: 50%;\" width=\"50%\">\n<h1 style=\"text-align: center;\"><span style=\"font-size: 22px;\">2. Regensburger Forum Medizinische Informatik<\/span><\/h1>\n<figure id=\"attachment_856\" aria-describedby=\"caption-attachment-856\" style=\"width: 300px\" class=\"wp-caption aligncenter\"><img loading=\"lazy\" decoding=\"async\" class=\"size-medium wp-image-5544\" alt=\"R3\" src=\"http:\/\/rcbe.de\/wp-content\/uploads\/2013\/12\/R3-300x287.jpg\" width=\"300\" height=\"287\" srcset=\"https:\/\/rcbe.de\/wp-content\/uploads\/2013\/12\/R3-300x287.jpg 300w, https:\/\/rcbe.de\/wp-content\/uploads\/2013\/12\/R3-313x300.jpg 313w, https:\/\/rcbe.de\/wp-content\/uploads\/2013\/12\/R3.jpg 400w\" sizes=\"auto, (max-width: 300px) 100vw, 300px\" \/><figcaption id=\"caption-attachment-856\" class=\"wp-caption-text\">Bildquelle: Universit\u00e4tsklinikum Regensburg<\/figcaption><\/figure>\n<p style=\"text-align: center;\"><strong>am 23. Mai 2014 von 9.00 bis 17.45 Uhr<\/strong><\/p>\n<p style=\"text-align: center;\"><strong>im H\u00f6rsaal D003 (Neues H\u00f6rsaalgeb\u00e4ude) Galgenbergstr. 30<\/strong><\/p>\n<p style=\"text-align: center;\">der Ostbayerischen Technischen Hochschule<\/p>\n<hr width=\"50%\">\n<h1 style=\"text-align: center;\"><a href=\"http:\/\/rcbe.de\/wp-content\/uploads\/2013\/12\/flyer_medinfoforum_Korr.pdf\" target=\"_blank\" rel=\"noopener noreferrer\">&nbsp;<\/a><a href=\"http:\/\/rcbe.de\/wp-content\/uploads\/2013\/12\/flyer_medinfoforum.pdf\" target=\"_blank\" rel=\"noopener noreferrer\">&gt;&gt;Flyer ansehen&lt;&lt;<\/a><\/h1>\n<hr width=\"100%\">\n<span class=\"collapseomatic \" id=\"id69f1e1b4422dc\"  tabindex=\"0\" title=\"&lt;strong&gt;PROGRAMM (zur Anzeige Klicken)&lt;\/strong&gt;\"    ><strong>PROGRAMM (zur Anzeige Klicken)<\/strong><\/span><div id=\"target-id69f1e1b4422dc\" class=\"collapseomatic_content \">\n<table style=\"width: 566px; height: 1482px;\" border=\"0\">\n<tbody>\n<tr valign=\"middle\" align=\"left\">\n<td style=\"width: 20%; text-align: center;\"><strong>9.00 &#8211; 9.15<\/strong><\/td>\n<td style=\"width: 80%;\"><span style=\"color: #00508c;\"><strong>Gru\u00dfwort<br \/>\n<\/strong><\/span>Pr\u00e4sident der OTH Regensburg<\/td>\n<\/tr>\n<tr>\n<td style=\"width: 20%; text-align: center;\"><strong>9.15 &#8211; 9.30<\/strong><\/td>\n<td style=\"width: 80%;\"><span style=\"color: #00508c;\"><strong>Einf\u00fchrung in das Programm<br \/>\n<\/strong><\/span>Dekan der Fakult\u00e4t Informatik und Mathematik<\/td>\n<\/tr>\n<tr>\n<td style=\"background-color: #00508c; text-align: center;\"><strong><span style=\"color: #ffffff;\">Session 1:<\/span><\/strong><\/td>\n<td style=\"background-color: #00508c;\"><span style=\"color: #ffffff;\"><strong>Informatik in Medizinger\u00e4ten<br \/>\n<\/strong>Moderation: Axel Doering<\/span><\/td>\n<\/tr>\n<tr>\n<td style=\"width: 20%; text-align: center;\"><strong>9.30 &#8211; 10.00<\/strong><\/td>\n<td style=\"width: 80%;\"><span style=\"color: #00508c;\"><strong>Software Engineering im regulierten Umfeld am Beispiel eines Intensivbeatmungsger\u00e4tes<br \/>\n<\/strong><\/span>Peter Karlitschek, Dr\u00e4ger L\u00fcbeck<\/td>\n<\/tr>\n<tr>\n<td style=\"width: 20%; text-align: center;\"><strong>10.00 &#8211; 10.30<\/strong><\/td>\n<td style=\"width: 80%;\"><span style=\"color: #00508c;\"><strong>Mit den Augen die Welt steuern<br \/>\n<\/strong><\/span>Martin Dechant, SMI Berlin<\/td>\n<\/tr>\n<tr>\n<td style=\"width: 20%; text-align: center;\"><\/td>\n<td style=\"width: 80%;\"><\/td>\n<\/tr>\n<tr>\n<td style=\"width: 20%; text-align: center;\"><em>10.30 &#8211; 11.00<\/em><\/td>\n<td style=\"width: 80%;\"><em><span style=\"color: #00508c;\">Kaffeepause, Besuch der Industrieausstellung<\/span><\/em><\/td>\n<\/tr>\n<tr>\n<td style=\"width: 20%; text-align: center;\"><\/td>\n<td style=\"width: 80%;\"><\/td>\n<\/tr>\n<tr>\n<td style=\"width: 20%; text-align: center;\"><strong>11.00 &#8211; 11.30<\/strong><\/td>\n<td style=\"width: 80%;\"><span style=\"color: #00508c;\"><strong>Kleine Firmware &#8211; Gro\u00dfe Verantwortung. Zertifizierung sicherheitsrelevanter medizinischer Subsysteme<br \/>\n<\/strong><\/span>G\u00fcnter Goldbach, Reputation Engineering M\u00fcnchen<\/td>\n<\/tr>\n<tr>\n<td style=\"width: 20%; text-align: center;\"><strong>11.30 &#8211; 12.00<\/strong><\/td>\n<td style=\"width: 80%;\"><span style=\"color: #00508c;\"><strong>Qualit\u00e4tssicherung in Medizintechnikprojekten f\u00fcr unterschiedliche Kunden &#8211; Nur Testen? Aber nein!<br \/>\n<\/strong><\/span>G\u00fcnther Klebes, sepp.med<\/td>\n<\/tr>\n<tr>\n<td style=\"width: 20%; text-align: center;\"><\/td>\n<td style=\"width: 80%;\"><\/td>\n<\/tr>\n<tr>\n<td style=\"width: 20%; text-align: center;\"><em>12.00 &#8211; 12.45<\/em><\/td>\n<td style=\"width: 80%;\"><em><span style=\"color: #00508c;\">Mittagspause, Besuch der Industrieausstellung<\/span><\/em><\/td>\n<\/tr>\n<tr>\n<td style=\"width: 20%; text-align: center;\"><\/td>\n<td style=\"width: 80%;\"><\/td>\n<\/tr>\n<tr>\n<td style=\"background-color: #00508c; text-align: center;\"><span style=\"color: #ffffff;\">&nbsp;<strong>12.45 &#8211; 13.30<\/strong><\/span><\/td>\n<td style=\"background-color: #00508c;\"><span style=\"color: #ffffff;\"><strong>Eingeladener Vortrag: Datenschutz in der Medizin &#8211; so geht&#8217;s<br \/>\n<\/strong>Klaus Pommerening, Universit\u00e4t Mainz<br \/>\nModeration: Michael Reng<\/span><\/td>\n<\/tr>\n<tr>\n<td style=\"width: 20%; text-align: center;\"><\/td>\n<td style=\"width: 80%;\"><\/td>\n<\/tr>\n<tr>\n<td style=\"background-color: #00508c; text-align: center;\"><span style=\"color: #ffffff;\"><strong>Session 2:<\/strong><\/span><\/td>\n<td style=\"background-color: #00508c;\"><span style=\"color: #ffffff;\"><strong>Medizininformatik vor Ort<br \/>\n<\/strong>Moderation: Karl Huber<\/span><\/td>\n<\/tr>\n<tr>\n<td style=\"width: 20%; text-align: center;\"><strong>13.30 &#8211; 13.50<\/strong><\/td>\n<td style=\"width: 80%;\"><span style=\"color: #00508c;\"><strong>Vermessung der Genaktivit\u00e4t in Tumoren zur Absch\u00e4tzung der Prognose &#8211; Ein Blick in die Zukunft<br \/>\n<\/strong><\/span>Timo Itzel, Universit\u00e4tsklinikum Regensburg<\/td>\n<\/tr>\n<tr>\n<td style=\"width: 20%; text-align: center;\"><strong>13.50 &#8211; 14.10<\/strong><\/td>\n<td style=\"width: 80%;\"><span style=\"color: #00508c;\"><strong>Multimedia in der Lehre<br \/>\n<\/strong><\/span>Anne-Kathrin Merz, U.R, Fakult\u00e4t f\u00fcr Medizin<\/td>\n<\/tr>\n<tr>\n<td style=\"width: 20%; text-align: center;\"><strong>14.10 &#8211; 14.30<\/strong><\/td>\n<td style=\"width: 80%;\"><span style=\"color: #00508c;\"><strong>Onkodat &#8211; Software als Medizinprodukt<br \/>\n<\/strong><\/span>Michael Reng, Medicdat Regensburg<\/td>\n<\/tr>\n<tr>\n<td style=\"width: 20%; text-align: center;\"><\/td>\n<td style=\"width: 80%;\"><\/td>\n<\/tr>\n<tr>\n<td style=\"width: 20%; text-align: center;\"><em>14.30 &#8211; 14.45<\/em><\/td>\n<td style=\"width: 80%;\"><em><span style=\"color: #00508c;\">Kaffeepause, Besuch der Industrieausstellung<\/span><\/em><\/td>\n<\/tr>\n<tr>\n<td style=\"width: 20%; text-align: center;\"><\/td>\n<td style=\"width: 80%;\"><\/td>\n<\/tr>\n<tr>\n<td style=\"background-color: #00508c; text-align: center;\"><span style=\"color: #ffffff;\"><strong>Session 3:<\/strong><\/span><\/td>\n<td style=\"background-color: #00508c;\"><span style=\"color: #ffffff;\"><strong>E &#8211; Health<br \/>\n<\/strong>Moderation: Wolfgang B\u00f6rner<\/span><\/td>\n<\/tr>\n<tr>\n<td style=\"width: 20%; text-align: center;\"><strong>14.45 &#8211; 15.15<\/strong><\/td>\n<td style=\"width: 80%;\"><span style=\"color: #00508c;\"><strong>Medizinische Informationssysteme \/ Elektronische Patientenakte &#8211; heute noch zeitgem\u00e4\u00df?<br \/>\n<\/strong><\/span>Oliver Paul, Agfa Healthcare<\/td>\n<\/tr>\n<tr>\n<td style=\"width: 20%; text-align: center;\"><strong>15.15 &#8211; 15.45<\/strong><\/td>\n<td style=\"width: 80%;\"><span style=\"color: #00508c;\"><strong>Semantik im Klinikumfeld &#8211; Livedemo eines semantischen Netzes<br \/>\n<\/strong><\/span>Sophie Kallmeier, intelligent views Darmstadt<\/td>\n<\/tr>\n<tr>\n<td style=\"width: 20%; text-align: center;\"><strong>15.45 &#8211; 16.15<\/strong><\/td>\n<td style=\"width: 80%;\"><span style=\"color: #00508c;\"><strong>Die papierlose Patientenakte in der Reproduktionsmedizin<br \/>\n<\/strong><\/span>Julia Rupprecht, MedITEX Regensburg<\/td>\n<\/tr>\n<tr>\n<td style=\"width: 20%; text-align: center;\"><\/td>\n<td style=\"width: 80%;\"><\/td>\n<\/tr>\n<tr>\n<td style=\"width: 20%; text-align: center;\"><em>16.15 &#8211; 16.45<\/em><\/td>\n<td style=\"width: 80%;\"><em><span style=\"color: #00508c;\">Kaffeepause, Besuch der Industrieausstellung<\/span><\/em><\/td>\n<\/tr>\n<tr>\n<td style=\"width: 20%; text-align: center;\"><\/td>\n<td style=\"width: 80%;\"><\/td>\n<\/tr>\n<tr>\n<td style=\"background-color: #00508c; text-align: center;\"><strong><span style=\"color: #ffffff;\">Session 4:<\/span><\/strong><\/td>\n<td style=\"background-color: #00508c;\"><span style=\"color: #ffffff;\"><strong>Bildgebung und -verarbeitung<br \/>\n<\/strong>Moderation: Christoph Palm<\/span><\/td>\n<\/tr>\n<tr>\n<td style=\"width: 20%; text-align: center;\"><strong>16.45 &#8211; 17.15<\/strong><\/td>\n<td style=\"width: 80%;\"><span style=\"color: #00508c;\"><strong>Computational Endoscopy: Die neue Generation endoskopischer Eingriffe<br \/>\n<\/strong><\/span>Christian M\u00fcnzenmayer, Fraunhofer IIS Erlangen<\/td>\n<\/tr>\n<tr>\n<td style=\"width: 20%; text-align: center;\"><strong>17.15 &#8211; 17.45<\/strong><\/td>\n<td style=\"width: 80%;\"><span style=\"color: #00508c;\"><strong>IT-Infrastruktur f\u00fcr das digitale R\u00f6ntgen am Zahnarztstuhl<br \/>\n<\/strong><\/span>Anton K\u00f6stlbacher, Universit\u00e4tsklinikum Regensburg<\/td>\n<\/tr>\n<\/tbody>\n<\/table>\n<\/div>\n<hr width=\"100%\">\n<p style=\"text-align: justify;\">Organisiert wird das Forum von<\/p>\n<ul>\n<li><span style=\"color: #00508c;\"><strong style=\"color: #000000; font-style: normal;\"><a title=\"OTH\" href=\"http:\/\/www.oth-regensburg.de\" target=\"_blank\" rel=\"noopener noreferrer\"><span style=\"color: #00508c;\">OTH Regensburg<\/span><\/a>&nbsp;&#8211;&nbsp;<a title=\"Fakult\u00e4t Informatik und Mathematik\" href=\"http:\/\/www.oth-regensburg.de\/fakultaeten\/informatik-und-mathematik.html\" target=\"_blank\" rel=\"noopener noreferrer\"><span style=\"color: #00508c;\">Fakult\u00e4t Informatik und Mathematik<\/span><\/a><\/strong><\/span><\/li>\n<li><span style=\"color: #00508c;\"><strong style=\"color: #000000; font-style: normal;\"><a title=\"UKR\" href=\"http:\/\/ukr.de\" target=\"_blank\" rel=\"noopener noreferrer\"><span style=\"color: #00508c;\">Universit\u00e4tsklinikum Regensburg<\/span><\/a><\/strong><\/span><\/li>\n<li><span style=\"color: #00508c;\"><strong><a title=\"Med. Fakult\u00e4t UR\" href=\"http:\/\/www.uni-regensburg.de\/medizin\/fakultaet\/\" target=\"_blank\" rel=\"noopener noreferrer\"><span style=\"color: #00508c;\">Fakult\u00e4t f\u00fcr Medizin der Universit\u00e4t Regensburg<\/span><\/a><\/strong><\/span><\/li>\n<li><span style=\"color: #00508c;\"><strong style=\"color: #000000; font-style: normal;\"><a href=\"http:\/\/rcbe.de\"><span style=\"color: #00508c;\">Regensburg Center of Biomedical Engineering<\/span><\/a><\/strong><\/span><\/li>\n<\/ul>\n<p style=\"text-align: center;\"><img loading=\"lazy\" decoding=\"async\" class=\"aligncenter  wp-image-941\" alt=\"OrganisatorenMedinfo\" src=\"http:\/\/rcbe.de\/wp-content\/uploads\/2013\/12\/OrganisatorenMedinfo-800x127.jpg\" width=\"584\" height=\"92\" srcset=\"https:\/\/rcbe.de\/wp-content\/uploads\/2013\/12\/OrganisatorenMedinfo-800x127.jpg 800w, https:\/\/rcbe.de\/wp-content\/uploads\/2013\/12\/OrganisatorenMedinfo-300x47.jpg 300w, https:\/\/rcbe.de\/wp-content\/uploads\/2013\/12\/OrganisatorenMedinfo-600x95.jpg 600w, https:\/\/rcbe.de\/wp-content\/uploads\/2013\/12\/OrganisatorenMedinfo-500x79.jpg 500w, https:\/\/rcbe.de\/wp-content\/uploads\/2013\/12\/OrganisatorenMedinfo.jpg 870w\" sizes=\"auto, (max-width: 584px) 100vw, 584px\" \/><\/p>\n<p>Kontakt: <strong>veranstaltung (at) rcbe.de <\/strong> Die Veranstaltung wird gro\u00dfz\u00fcgig unterst\u00fctzt von:<\/p>\n<table style=\"width: 100%;\" border=\"0\" align=\"center\">\n<tbody>\n<tr>\n<td valign=\"middle\" align=\"center\"><a href=\"http:\/\/www.reputation-engineering.com\/\" target=\"_blank\" rel=\"noopener noreferrer\"><img loading=\"lazy\" decoding=\"async\" class=\"alignleft  wp-image-1167\" alt=\"fmedinf-reputation-engineering-logo\" src=\"http:\/\/rcbe.de\/wp-content\/uploads\/2013\/12\/fmedinf-reputation-engineering-logo.jpg\" width=\"283\" height=\"86\"><\/a><\/p>\n<p style=\"text-align: left;\"><strong>Hauptsponsor<\/strong><\/p>\n<\/td>\n<td valign=\"middle\" align=\"center\"><\/td>\n<\/tr>\n<tr valign=\"middle\">\n<td valign=\"middle\" align=\"center\"><a href=\"https:\/\/www.seppmed.de\" target=\"_blank\" rel=\"noopener noreferrer\"><img loading=\"lazy\" decoding=\"async\" class=\"wp-image-1171 alignright\" alt=\"seppmed\" src=\"http:\/\/rcbe.de\/wp-content\/uploads\/2013\/12\/seppmed-300x68.png\" width=\"240\" height=\"54\" srcset=\"https:\/\/rcbe.de\/wp-content\/uploads\/2013\/12\/seppmed-300x68.png 300w, https:\/\/rcbe.de\/wp-content\/uploads\/2013\/12\/seppmed-800x183.png 800w, https:\/\/rcbe.de\/wp-content\/uploads\/2013\/12\/seppmed-600x137.png 600w, https:\/\/rcbe.de\/wp-content\/uploads\/2013\/12\/seppmed-500x114.png 500w, https:\/\/rcbe.de\/wp-content\/uploads\/2013\/12\/seppmed-900x205.png 900w\" sizes=\"auto, (max-width: 240px) 100vw, 240px\" \/><\/a><a href=\"http:\/\/www.meditex-software.com\" target=\"_blank\" rel=\"noopener noreferrer\"><img loading=\"lazy\" decoding=\"async\" class=\"wp-image-1165 alignleft\" alt=\"MedITEX_Logo_RGB\" src=\"http:\/\/rcbe.de\/wp-content\/uploads\/2013\/12\/fmedinf-MedITEX-logo.jpg\" width=\"226\" height=\"69\"><\/a><\/td>\n<\/tr>\n<\/tbody>\n<\/table>\n<p><!--:--><\/p>\n","protected":false},"excerpt":{"rendered":"<p>Wie arbeitet ein Medizininformatiker? Wo liegen Herausforderungen? Welche Unternehmen sind interessant? Wie sind die Berufsaussichten? Diese und weitere Fragen beantwortet das 2. Regensburger Forum Medizinische Informatik am 23. Mai 2014 von 9.00 bis 17.45 Uhr im H\u00f6rsaal D003 (Neues H\u00f6rsaalgeb\u00e4ude) Galgenbergstr. 30 der Ostbayerischen Technischen Hochschule &nbsp;&gt;&gt;Flyer ansehen&lt;&lt; Organisiert wird das Forum von OTH Regensburg&nbsp;&#8211;&nbsp;Fakult\u00e4t&hellip;<\/p>\n","protected":false},"author":1,"featured_media":0,"parent":0,"menu_order":0,"comment_status":"closed","ping_status":"closed","template":"","meta":{"ngg_post_thumbnail":0,"footnotes":""},"class_list":["post-5543","page","type-page","status-publish","hentry"],"_links":{"self":[{"href":"https:\/\/rcbe.de\/en\/wp-json\/wp\/v2\/pages\/5543","targetHints":{"allow":["GET"]}}],"collection":[{"href":"https:\/\/rcbe.de\/en\/wp-json\/wp\/v2\/pages"}],"about":[{"href":"https:\/\/rcbe.de\/en\/wp-json\/wp\/v2\/types\/page"}],"author":[{"embeddable":true,"href":"https:\/\/rcbe.de\/en\/wp-json\/wp\/v2\/users\/1"}],"replies":[{"embeddable":true,"href":"https:\/\/rcbe.de\/en\/wp-json\/wp\/v2\/comments?post=5543"}],"version-history":[{"count":1,"href":"https:\/\/rcbe.de\/en\/wp-json\/wp\/v2\/pages\/5543\/revisions"}],"predecessor-version":[{"id":5655,"href":"https:\/\/rcbe.de\/en\/wp-json\/wp\/v2\/pages\/5543\/revisions\/5655"}],"wp:attachment":[{"href":"https:\/\/rcbe.de\/en\/wp-json\/wp\/v2\/media?parent=5543"}],"curies":[{"name":"wp","href":"https:\/\/api.w.org\/{rel}","templated":true}]}}